{"version":"1.0","provider_name":"PSOL 50","provider_url":"https:\/\/psol50.org.br","author_name":"Comunica\u00e7\u00e3o PSOL","author_url":"https:\/\/psol50.org.br\/profile\/comunicacao\/","title":"Debate sobre descriminaliza\u00e7\u00e3o do aborto ganha for\u00e7a no STF: Barroso se declara a favor - PSOL 50","type":"rich","width":600,"height":338,"html":"<blockquote class=\"wp-embedded-content\" data-secret=\"KsDLw6zZxD\"><a href=\"https:\/\/psol50.org.br\/debate-sobre-descriminalizacao-do-aborto-ganha-forca-no-stf\/\">Debate sobre descriminaliza\u00e7\u00e3o do aborto ganha for\u00e7a no STF: Barroso se declara a favor<\/a><\/blockquote><iframe sandbox=\"allow-scripts\" security=\"restricted\" src=\"https:\/\/psol50.org.br\/debate-sobre-descriminalizacao-do-aborto-ganha-forca-no-stf\/embed\/#?secret=KsDLw6zZxD\" width=\"600\" height=\"338\" title=\"&#8220;Debate sobre descriminaliza\u00e7\u00e3o do aborto ganha for\u00e7a no STF: Barroso se declara a favor&#8221; &#8212; PSOL 50\" data-secret=\"KsDLw6zZxD\" frameborder=\"0\" marginwidth=\"0\" marginheight=\"0\" scrolling=\"no\" class=\"wp-embedded-content\"><\/iframe><script type=\"text\/javascript\">\n\/* <![CDATA[ *\/\n\/*! This file is auto-generated *\/\n!function(d,l){\"use strict\";l.querySelector&&d.addEventListener&&\"undefined\"!=typeof URL&&(d.wp=d.wp||{},d.wp.receiveEmbedMessage||(d.wp.receiveEmbedMessage=function(e){var t=e.data;if((t||t.secret||t.message||t.value)&&!\/[^a-zA-Z0-9]\/.test(t.secret)){for(var s,r,n,a=l.querySelectorAll('iframe[data-secret=\"'+t.secret+'\"]'),o=l.querySelectorAll('blockquote[data-secret=\"'+t.secret+'\"]'),c=new RegExp(\"^https?:$\",\"i\"),i=0;i<o.length;i++)o[i].style.display=\"none\";for(i=0;i<a.length;i++)s=a[i],e.source===s.contentWindow&&(s.removeAttribute(\"style\"),\"height\"===t.message?(1e3<(r=parseInt(t.value,10))?r=1e3:~~r<200&&(r=200),s.height=r):\"link\"===t.message&&(r=new URL(s.getAttribute(\"src\")),n=new URL(t.value),c.test(n.protocol))&&n.host===r.host&&l.activeElement===s&&(d.top.location.href=t.value))}},d.addEventListener(\"message\",d.wp.receiveEmbedMessage,!1),l.addEventListener(\"DOMContentLoaded\",function(){for(var e,t,s=l.querySelectorAll(\"iframe.wp-embedded-content\"),r=0;r<s.length;r++)(t=(e=s[r]).getAttribute(\"data-secret\"))||(t=Math.random().toString(36).substring(2,12),e.src+=\"#?secret=\"+t,e.setAttribute(\"data-secret\",t)),e.contentWindow.postMessage({message:\"ready\",secret:t},\"*\")},!1)))}(window,document);\n\/\/# sourceURL=https:\/\/psol50.org.br\/biblio\/js\/wp-embed.min.js\n\/* ]]> *\/\n<\/script>\n","thumbnail_url":"https:\/\/psol50.org.br\/inc\/uploads\/2018\/07\/capa.png","thumbnail_width":1350,"thumbnail_height":900,"description":"Em palestra realizada no Superior Tribunal de Justi\u00e7a (STJ) na \u00faltima sexta (31), o ministro Lu\u00eds Roberto Barroso afirmou que a criminaliza\u00e7\u00e3o do aborto \u00e9 uma dram\u00e1tica viola\u00e7\u00e3o dos direitos fundamentais das mulheres.\u00a0O\u00a0argumento do ministro possui significativa\u00a0relev\u00e2ncia para o movimento feminista\u00a0e demonstra um avan\u00e7o no debate sobre a\u00a0inconstitucionalidade da proibi\u00e7\u00e3o do ato. Para Barroso, a [&hellip;]"}