{"version":"1.0","provider_name":"PSOL 50","provider_url":"https:\/\/psol50.org.br","author_name":"Comunica\u00e7\u00e3o PSOL","author_url":"https:\/\/psol50.org.br\/profile\/comunicacao\/","title":"Frente pr\u00f3-voto aberto promove manifesta\u00e7\u00e3o no Congresso - PSOL 50","type":"rich","width":600,"height":338,"html":"<blockquote class=\"wp-embedded-content\" data-secret=\"Vl6Wx38xtl\"><a href=\"https:\/\/psol50.org.br\/frente-pro-voto-aberto-promove-manifestacao-no-congresso\/\">Frente pr\u00f3-voto aberto promove manifesta\u00e7\u00e3o no Congresso<\/a><\/blockquote><iframe sandbox=\"allow-scripts\" security=\"restricted\" src=\"https:\/\/psol50.org.br\/frente-pro-voto-aberto-promove-manifestacao-no-congresso\/embed\/#?secret=Vl6Wx38xtl\" width=\"600\" height=\"338\" title=\"&#8220;Frente pr\u00f3-voto aberto promove manifesta\u00e7\u00e3o no Congresso&#8221; &#8212; PSOL 50\" data-secret=\"Vl6Wx38xtl\" frameborder=\"0\" marginwidth=\"0\" marginheight=\"0\" scrolling=\"no\" class=\"wp-embedded-content\"><\/iframe><script type=\"text\/javascript\">\n\/* <![CDATA[ *\/\n\/*! This file is auto-generated *\/\n!function(d,l){\"use strict\";l.querySelector&&d.addEventListener&&\"undefined\"!=typeof URL&&(d.wp=d.wp||{},d.wp.receiveEmbedMessage||(d.wp.receiveEmbedMessage=function(e){var t=e.data;if((t||t.secret||t.message||t.value)&&!\/[^a-zA-Z0-9]\/.test(t.secret)){for(var s,r,n,a=l.querySelectorAll('iframe[data-secret=\"'+t.secret+'\"]'),o=l.querySelectorAll('blockquote[data-secret=\"'+t.secret+'\"]'),c=new RegExp(\"^https?:$\",\"i\"),i=0;i<o.length;i++)o[i].style.display=\"none\";for(i=0;i<a.length;i++)s=a[i],e.source===s.contentWindow&&(s.removeAttribute(\"style\"),\"height\"===t.message?(1e3<(r=parseInt(t.value,10))?r=1e3:~~r<200&&(r=200),s.height=r):\"link\"===t.message&&(r=new URL(s.getAttribute(\"src\")),n=new URL(t.value),c.test(n.protocol))&&n.host===r.host&&l.activeElement===s&&(d.top.location.href=t.value))}},d.addEventListener(\"message\",d.wp.receiveEmbedMessage,!1),l.addEventListener(\"DOMContentLoaded\",function(){for(var e,t,s=l.querySelectorAll(\"iframe.wp-embedded-content\"),r=0;r<s.length;r++)(t=(e=s[r]).getAttribute(\"data-secret\"))||(t=Math.random().toString(36).substring(2,12),e.src+=\"#?secret=\"+t,e.setAttribute(\"data-secret\",t)),e.contentWindow.postMessage({message:\"ready\",secret:t},\"*\")},!1)))}(window,document);\n\/\/# sourceURL=https:\/\/psol50.org.br\/biblio\/js\/wp-embed.min.js\n\/* ]]> *\/\n<\/script>\n","description":"A Frente Parlamentar em Defesa do Voto Aberto, coordenada pelo P-SOL, far\u00e1 um ato na tarde de 9 de maio na rampa do Congresso Nacional em defesa da vota&ccedil;&atilde;o imediata da Proposta de Emenda &agrave; Constitui&ccedil;&atilde;o (PEC) 349\/01, que acaba com o voto secreto na C&acirc;mara e no Senado. O ato est\u00e1 marcado para as [&hellip;]","thumbnail_url":"images\/stories\/fotos\/060328voto.jpg"}