{"version":"1.0","provider_name":"PSOL 50","provider_url":"https:\/\/psol50.org.br","author_name":"Comunica\u00e7\u00e3o PSOL","author_url":"https:\/\/psol50.org.br\/profile\/comunicacao\/","title":"Governo nomeia general do Ex\u00e9rcito para presidir a Funai - PSOL 50","type":"rich","width":600,"height":338,"html":"<blockquote class=\"wp-embedded-content\" data-secret=\"HEma9m1uOO\"><a href=\"https:\/\/psol50.org.br\/governo-nomeia-general-do-exercito-para-presidir-a-funai\/\">Governo nomeia general do Ex\u00e9rcito para presidir a Funai<\/a><\/blockquote><iframe sandbox=\"allow-scripts\" security=\"restricted\" src=\"https:\/\/psol50.org.br\/governo-nomeia-general-do-exercito-para-presidir-a-funai\/embed\/#?secret=HEma9m1uOO\" width=\"600\" height=\"338\" title=\"&#8220;Governo nomeia general do Ex\u00e9rcito para presidir a Funai&#8221; &#8212; PSOL 50\" data-secret=\"HEma9m1uOO\" frameborder=\"0\" marginwidth=\"0\" marginheight=\"0\" scrolling=\"no\" class=\"wp-embedded-content\"><\/iframe><script type=\"text\/javascript\">\n\/* <![CDATA[ *\/\n\/*! This file is auto-generated *\/\n!function(d,l){\"use strict\";l.querySelector&&d.addEventListener&&\"undefined\"!=typeof URL&&(d.wp=d.wp||{},d.wp.receiveEmbedMessage||(d.wp.receiveEmbedMessage=function(e){var t=e.data;if((t||t.secret||t.message||t.value)&&!\/[^a-zA-Z0-9]\/.test(t.secret)){for(var s,r,n,a=l.querySelectorAll('iframe[data-secret=\"'+t.secret+'\"]'),o=l.querySelectorAll('blockquote[data-secret=\"'+t.secret+'\"]'),c=new RegExp(\"^https?:$\",\"i\"),i=0;i<o.length;i++)o[i].style.display=\"none\";for(i=0;i<a.length;i++)s=a[i],e.source===s.contentWindow&&(s.removeAttribute(\"style\"),\"height\"===t.message?(1e3<(r=parseInt(t.value,10))?r=1e3:~~r<200&&(r=200),s.height=r):\"link\"===t.message&&(r=new URL(s.getAttribute(\"src\")),n=new URL(t.value),c.test(n.protocol))&&n.host===r.host&&l.activeElement===s&&(d.top.location.href=t.value))}},d.addEventListener(\"message\",d.wp.receiveEmbedMessage,!1),l.addEventListener(\"DOMContentLoaded\",function(){for(var e,t,s=l.querySelectorAll(\"iframe.wp-embedded-content\"),r=0;r<s.length;r++)(t=(e=s[r]).getAttribute(\"data-secret\"))||(t=Math.random().toString(36).substring(2,12),e.src+=\"#?secret=\"+t,e.setAttribute(\"data-secret\",t)),e.contentWindow.postMessage({message:\"ready\",secret:t},\"*\")},!1)))}(window,document);\n\/\/# sourceURL=https:\/\/psol50.org.br\/biblio\/js\/wp-embed.min.js\n\/* ]]> *\/\n<\/script>\n","thumbnail_url":"https:\/\/psol50.org.br\/inc\/uploads\/2017\/05\/GeneralFranklimberg_AlbertoCesarAraujo_Aleam.jpg","thumbnail_width":1024,"thumbnail_height":680,"description":"O governo de Michel Temer ter\u00e1 \u00e0 frente da Funda\u00e7\u00e3o Nacional do \u00cdndio (Funai) um general do Ex\u00e9rcito indicado pelo PSC, mesmo partido de Pastor Everaldo, Marco Feliciano e Jair Bolsonaro. Franklimberg Ribeiro Freitas teve a sua nomea\u00e7\u00e3o publicada nesta ter\u00e7a-feira (09\/05) no Di\u00e1rio Oficial da Uni\u00e3o, quatro dias ap\u00f3s o Pal\u00e1cio do Planalto exonerar [&hellip;]"}