{"version":"1.0","provider_name":"PSOL 50","provider_url":"https:\/\/psol50.org.br","author_name":"Comunica\u00e7\u00e3o PSOL","author_url":"https:\/\/psol50.org.br\/profile\/comunicacao\/","title":"Luciana Genro | \u00c9 pela vida das mulheres - PSOL 50","type":"rich","width":600,"height":338,"html":"<blockquote class=\"wp-embedded-content\" data-secret=\"oLjn82SQj1\"><a href=\"https:\/\/psol50.org.br\/luciana-genro-e-pela-vida-das-mulheres\/\">Luciana Genro | \u00c9 pela vida das mulheres<\/a><\/blockquote><iframe sandbox=\"allow-scripts\" security=\"restricted\" src=\"https:\/\/psol50.org.br\/luciana-genro-e-pela-vida-das-mulheres\/embed\/#?secret=oLjn82SQj1\" width=\"600\" height=\"338\" title=\"&#8220;Luciana Genro | \u00c9 pela vida das mulheres&#8221; &#8212; PSOL 50\" data-secret=\"oLjn82SQj1\" frameborder=\"0\" marginwidth=\"0\" marginheight=\"0\" scrolling=\"no\" class=\"wp-embedded-content\"><\/iframe><script type=\"text\/javascript\">\n\/* <![CDATA[ *\/\n\/*! This file is auto-generated *\/\n!function(d,l){\"use strict\";l.querySelector&&d.addEventListener&&\"undefined\"!=typeof URL&&(d.wp=d.wp||{},d.wp.receiveEmbedMessage||(d.wp.receiveEmbedMessage=function(e){var t=e.data;if((t||t.secret||t.message||t.value)&&!\/[^a-zA-Z0-9]\/.test(t.secret)){for(var s,r,n,a=l.querySelectorAll('iframe[data-secret=\"'+t.secret+'\"]'),o=l.querySelectorAll('blockquote[data-secret=\"'+t.secret+'\"]'),c=new RegExp(\"^https?:$\",\"i\"),i=0;i<o.length;i++)o[i].style.display=\"none\";for(i=0;i<a.length;i++)s=a[i],e.source===s.contentWindow&&(s.removeAttribute(\"style\"),\"height\"===t.message?(1e3<(r=parseInt(t.value,10))?r=1e3:~~r<200&&(r=200),s.height=r):\"link\"===t.message&&(r=new URL(s.getAttribute(\"src\")),n=new URL(t.value),c.test(n.protocol))&&n.host===r.host&&l.activeElement===s&&(d.top.location.href=t.value))}},d.addEventListener(\"message\",d.wp.receiveEmbedMessage,!1),l.addEventListener(\"DOMContentLoaded\",function(){for(var e,t,s=l.querySelectorAll(\"iframe.wp-embedded-content\"),r=0;r<s.length;r++)(t=(e=s[r]).getAttribute(\"data-secret\"))||(t=Math.random().toString(36).substring(2,12),e.src+=\"#?secret=\"+t,e.setAttribute(\"data-secret\",t)),e.contentWindow.postMessage({message:\"ready\",secret:t},\"*\")},!1)))}(window,document);\n\/\/# sourceURL=https:\/\/psol50.org.br\/biblio\/js\/wp-embed.min.js\n\/* ]]> *\/\n<\/script>\n","thumbnail_url":"https:\/\/psol50.org.br\/inc\/uploads\/2018\/07\/capa.png","thumbnail_width":1350,"thumbnail_height":900,"description":"Artigo publicado originalmente no jornal Zero Hora A ministra Rosa Weber deu in\u00edcio \u00e0 convoca\u00e7\u00e3o de uma audi\u00eancia p\u00fablica para debater a descriminaliza\u00e7\u00e3o do aborto. A medida faz parte da tramita\u00e7\u00e3o de uma a\u00e7\u00e3o proposta pelo PSOL e pela Anis \u2013 Instituto de Bio\u00e9tica junto ao STF que reivindica a descriminaliza\u00e7\u00e3o do aborto at\u00e9 a [&hellip;]"}