{"version":"1.0","provider_name":"PSOL 50","provider_url":"https:\/\/psol50.org.br","author_name":"Comunica\u00e7\u00e3o PSOL","author_url":"https:\/\/psol50.org.br\/profile\/comunicacao\/","title":"Marcha leva exig\u00eancias a diferentes poderes do Estado guatemalteco - PSOL 50","type":"rich","width":600,"height":338,"html":"<blockquote class=\"wp-embedded-content\" data-secret=\"hZCypT6Lfz\"><a href=\"https:\/\/psol50.org.br\/marcha-leva-exigencias-a-diferentes-poderes-do-estado-guatemalteco\/\">Marcha leva exig\u00eancias a diferentes poderes do Estado guatemalteco<\/a><\/blockquote><iframe sandbox=\"allow-scripts\" security=\"restricted\" src=\"https:\/\/psol50.org.br\/marcha-leva-exigencias-a-diferentes-poderes-do-estado-guatemalteco\/embed\/#?secret=hZCypT6Lfz\" width=\"600\" height=\"338\" title=\"&#8220;Marcha leva exig\u00eancias a diferentes poderes do Estado guatemalteco&#8221; &#8212; PSOL 50\" data-secret=\"hZCypT6Lfz\" frameborder=\"0\" marginwidth=\"0\" marginheight=\"0\" scrolling=\"no\" class=\"wp-embedded-content\"><\/iframe><script type=\"text\/javascript\">\n\/* <![CDATA[ *\/\n\/*! This file is auto-generated *\/\n!function(d,l){\"use strict\";l.querySelector&&d.addEventListener&&\"undefined\"!=typeof URL&&(d.wp=d.wp||{},d.wp.receiveEmbedMessage||(d.wp.receiveEmbedMessage=function(e){var t=e.data;if((t||t.secret||t.message||t.value)&&!\/[^a-zA-Z0-9]\/.test(t.secret)){for(var s,r,n,a=l.querySelectorAll('iframe[data-secret=\"'+t.secret+'\"]'),o=l.querySelectorAll('blockquote[data-secret=\"'+t.secret+'\"]'),c=new RegExp(\"^https?:$\",\"i\"),i=0;i<o.length;i++)o[i].style.display=\"none\";for(i=0;i<a.length;i++)s=a[i],e.source===s.contentWindow&&(s.removeAttribute(\"style\"),\"height\"===t.message?(1e3<(r=parseInt(t.value,10))?r=1e3:~~r<200&&(r=200),s.height=r):\"link\"===t.message&&(r=new URL(s.getAttribute(\"src\")),n=new URL(t.value),c.test(n.protocol))&&n.host===r.host&&l.activeElement===s&&(d.top.location.href=t.value))}},d.addEventListener(\"message\",d.wp.receiveEmbedMessage,!1),l.addEventListener(\"DOMContentLoaded\",function(){for(var e,t,s=l.querySelectorAll(\"iframe.wp-embedded-content\"),r=0;r<s.length;r++)(t=(e=s[r]).getAttribute(\"data-secret\"))||(t=Math.random().toString(36).substring(2,12),e.src+=\"#?secret=\"+t,e.setAttribute(\"data-secret\",t)),e.contentWindow.postMessage({message:\"ready\",secret:t},\"*\")},!1)))}(window,document);\n\/\/# sourceURL=https:\/\/psol50.org.br\/biblio\/js\/wp-embed.min.js\n\/* ]]> *\/\n<\/script>\n","description":"A marcha ind\u00edgena, camponesa e popular chegou \u00e0 capital da Guatemala no dia Waxaqib Batz. Se trata do in\u00edcio de uma nova fase no calend\u00e1rio lunar sagrado Cholq`ij. A mobiliza\u00e7\u00e3o demandou aten\u00e7\u00e3o aos conflitos agr\u00e1rios no pa\u00eds. Ao poder Judici\u00e1rio, os manifestantes exigiram a libera\u00e7\u00e3o de dezenas de l\u00edderes sociais que hoje se encontram presos. [&hellip;]","thumbnail_url":"http:\/\/psol50.org.br\/files\/2012\/03\/Guatemala1a-300x227.jpg"}